{"id":972,"date":"2021-07-22T14:44:28","date_gmt":"2021-07-22T14:44:28","guid":{"rendered":"https:\/\/www.bellae-institut.com\/?page_id=972"},"modified":"2021-07-22T15:04:15","modified_gmt":"2021-07-22T15:04:15","slug":"charte-vie-privee","status":"publish","type":"page","link":"https:\/\/www.bellae-institut.com\/pt\/mentions-legales\/charte-vie-privee\/","title":{"rendered":"Charte sur le respect de la vie priv\u00e9e"},"content":{"rendered":"<div data-colibri-id=\"972-c1\" class=\"style-743 style-local-972-c1 position-relative\">\n  <!---->\n  <div data-colibri-component=\"section\" data-colibri-id=\"972-c2\" id=\"custom\" class=\"h-section h-section-global-spacing d-flex align-items-lg-center align-items-md-center align-items-center style-744 style-local-972-c2 position-relative\">\n    <!---->\n    <!---->\n    <div class=\"h-section-grid-container h-section-boxed-container\">\n      <!---->\n      <div data-colibri-id=\"972-c5\" class=\"h-row-container gutters-row-lg-2 gutters-row-md-2 gutters-row-0 gutters-row-v-lg-2 gutters-row-v-md-2 gutters-row-v-2 style-747 style-local-972-c5 position-relative\">\n        <!---->\n        <div class=\"h-row justify-content-lg-center justify-content-md-center justify-content-center align-items-lg-stretch align-items-md-stretch align-items-stretch gutters-col-lg-2 gutters-col-md-2 gutters-col-0 gutters-col-v-lg-2 gutters-col-v-md-2 gutters-col-v-2\">\n          <!---->\n          <div class=\"h-column h-column-container d-flex h-col-lg-auto h-col-md-auto h-col-auto style-748-outer style-local-972-c6-outer\">\n            <div data-colibri-id=\"972-c6\" class=\"d-flex h-flex-basis h-column__inner h-px-lg-2 h-px-md-2 h-px-2 v-inner-lg-2 v-inner-md-2 v-inner-2 style-748 style-local-972-c6 position-relative\">\n              <!---->\n              <!---->\n              <div class=\"w-100 h-y-container h-column__content h-column__v-align flex-basis-100 align-self-lg-start align-self-md-start align-self-start\">\n                <!---->\n                <div data-colibri-id=\"972-c7\" class=\"h-text h-text-component style-749 style-local-972-c7 position-relative h-element\">\n                  <!---->\n                  <!---->\n                  <div class=\"\">\n                    <p>Date de derni\u00e8re mise \u00e0 jour\n                      <br>22 juillet 2021<\/p>\n                  <\/div>\n                <\/div>\n              <\/div>\n            <\/div>\n          <\/div>\n        <\/div>\n      <\/div>\n      <div data-colibri-id=\"972-c8\" class=\"h-row-container gutters-row-lg-2 gutters-row-md-2 gutters-row-0 gutters-row-v-lg-2 gutters-row-v-md-2 gutters-row-v-2 style-752 style-local-972-c8 position-relative\">\n        <!---->\n        <div class=\"h-row justify-content-lg-center justify-content-md-center justify-content-center align-items-lg-stretch align-items-md-stretch align-items-stretch gutters-col-lg-2 gutters-col-md-2 gutters-col-0 gutters-col-v-lg-2 gutters-col-v-md-2 gutters-col-v-2\">\n          <!---->\n          <div class=\"h-column h-column-container d-flex h-col-lg-auto h-col-md-auto h-col-auto style-753-outer style-local-972-c9-outer\">\n            <div data-colibri-id=\"972-c9\" class=\"d-flex h-flex-basis h-column__inner h-px-lg-2 h-px-md-2 h-px-2 v-inner-lg-2 v-inner-md-2 v-inner-2 style-753 style-local-972-c9 position-relative\">\n              <!---->\n              <!---->\n              <div class=\"w-100 h-y-container h-column__content h-column__v-align flex-basis-100 align-self-lg-start align-self-md-start align-self-start\">\n                <!---->\n                <div data-colibri-id=\"972-c10\" class=\"h-divider style-751 style-local-972-c10 position-relative h-element\">\n                  <!----><span class=\"h-divider__line style-751-line style-local-972-c10-line style-751-line style-local-972-c10-line\"><\/span><\/div>\n              <\/div>\n            <\/div>\n          <\/div>\n        <\/div>\n      <\/div>\n      <div data-colibri-id=\"972-c11\" class=\"h-row-container gutters-row-lg-2 gutters-row-md-2 gutters-row-0 gutters-row-v-lg-2 gutters-row-v-md-2 gutters-row-v-2 style-754 style-local-972-c11 position-relative\">\n        <!---->\n        <div class=\"h-row justify-content-lg-center justify-content-md-center justify-content-center align-items-lg-stretch align-items-md-stretch align-items-stretch gutters-col-lg-2 gutters-col-md-2 gutters-col-0 gutters-col-v-lg-2 gutters-col-v-md-2 gutters-col-v-2\">\n          <!---->\n          <div class=\"h-column h-column-container d-flex h-col-lg-auto h-col-md-auto h-col-auto style-755-outer style-local-972-c12-outer\">\n            <div data-colibri-id=\"972-c12\" class=\"d-flex h-flex-basis h-column__inner h-px-lg-2 h-px-md-2 h-px-2 v-inner-lg-2 v-inner-md-2 v-inner-2 style-755 style-local-972-c12 position-relative\">\n              <!---->\n              <!---->\n              <div class=\"w-100 h-y-container h-column__content h-column__v-align flex-basis-100 align-self-lg-start align-self-md-start align-self-start\">\n                <!---->\n                <div data-colibri-id=\"972-c13\" class=\"h-text h-text-component style-756 style-local-972-c13 position-relative h-element\">\n                  <!---->\n                  <!---->\n                  <div class=\"\">\n                    <p>La pr\u00e9sente charte sur le respect de la vie priv\u00e9e (la \u00ab Charte \u00bb) a pour objectif de formaliser notre engagement quant au respect de la vie priv\u00e9e des utilisateurs du site internet https:\/\/wwwbellae.fr (le \u00ab Site \u00bb) exploit\u00e9 par Bella\u00eb\n                      \/ SASU.<\/p>\n                    <p>La Charte et les Conditions G\u00e9n\u00e9rales du Site forment un ensemble contractuel. Tous les termes en majuscules non-d\u00e9finis dans la pr\u00e9sente Charte sont d\u00e9finis dans les Conditions G\u00e9n\u00e9rales consultables ici : [Conditions G\u00e9n\u00e9rales].<\/p>\n                    <p>Dans le cadre de la mise \u00e0 disposition de notre Site, nous traitons vos donn\u00e9es \u00e0 caract\u00e8re personnel dans le respect du R\u00e8glement G\u00e9n\u00e9ral sur la Protection des Donn\u00e9es 2016\/679 du 27 avril 2016 (\u00ab RGPD \u00bb) et dans les conditions expos\u00e9es\n                      ci-apr\u00e8s.<\/p>\n                    <p>Une donn\u00e9e \u00e0 caract\u00e8re personnel d\u00e9signe toute information se rapportant \u00e0 une personne physique identifi\u00e9e ou identifiable. Nous collectons et traitons des donn\u00e9es \u00e0 caract\u00e8re personnel dans le cadre de la fourniture de nos Services\n                      ou de la communication \u00e0 propose de ces Servicesexclusivement, en stricte conformit\u00e9 avec le RGPD.<\/p>\n                    <p>Nous collectons uniquement des donn\u00e9es \u00e0 caract\u00e8re personnel ad\u00e9quates, pertinentes et limit\u00e9es \u00e0 ce qui est n\u00e9cessaire au regard des finalit\u00e9s pour lesquelles elles sont trait\u00e9es. Ainsi, il ne vous sera jamais demand\u00e9 de renseigner\n                      des donn\u00e9es \u00e0 caract\u00e8re personnel consid\u00e9r\u00e9es comme \u00ab sensibles \u00bb, telles que vos origines raciales ou ethniques, vos opinions politiques, philosophiques ou religieuses.<\/p>\n                    <p>En vous enregistrant sur le Site, vous nous autorisez \u00e0 traiter vos donn\u00e9es \u00e0 caract\u00e8re personnel conform\u00e9ment \u00e0 la Charte. Si vous refusez les termes de cette Charte, veuillez-vous abstenir d\u2019utiliser le Site ainsi que les Services.<\/p>\n                  <\/div>\n                <\/div>\n                <div data-colibri-id=\"972-c15\" class=\"h-divider style-751 style-local-972-c15 position-relative h-element\">\n                  <!----><span class=\"h-divider__line style-751-line style-local-972-c15-line style-751-line style-local-972-c15-line\"><\/span><\/div>\n              <\/div>\n            <\/div>\n          <\/div>\n        <\/div>\n      <\/div>\n      <div data-colibri-id=\"972-c16\" class=\"h-row-container gutters-row-lg-2 gutters-row-md-2 gutters-row-0 gutters-row-v-lg-2 gutters-row-v-md-2 gutters-row-v-2 style-757 style-local-972-c16 position-relative\">\n        <!---->\n        <div class=\"h-row justify-content-lg-center justify-content-md-center justify-content-center align-items-lg-stretch align-items-md-stretch align-items-stretch gutters-col-lg-2 gutters-col-md-2 gutters-col-0 gutters-col-v-lg-2 gutters-col-v-md-2 gutters-col-v-2\">\n          <!---->\n          <div class=\"h-column h-column-container d-flex h-col-lg-auto h-col-md-auto h-col-auto style-758-outer style-local-972-c17-outer\">\n            <div data-colibri-id=\"972-c17\" class=\"d-flex h-flex-basis h-column__inner h-px-lg-2 h-px-md-2 h-px-2 v-inner-lg-2 v-inner-md-2 v-inner-2 style-758 style-local-972-c17 position-relative\">\n              <!---->\n              <!---->\n              <div class=\"w-100 h-y-container h-column__content h-column__v-align flex-basis-100 align-self-lg-start align-self-md-start align-self-start\">\n                <!---->\n                <div data-colibri-id=\"972-c18\" class=\"h-text h-text-component style-759 style-local-972-c18 position-relative h-element\">\n                  <!---->\n                  <!---->\n                  <div class=\"\">\n                    <h4><span style=\"font-family: &quot;Della Respira&quot;;\">1. Dans quels cas collectons-nous vos donn\u00e9es \u00e0 caract\u00e8re personnel et quelles donn\u00e9es sont collect\u00e9es ?<\/span><\/h4>\n                    <p><span style=\"font-family: &quot;Della Respira&quot;;\">Nous sommes susceptibles de recueillir et de conserver vos donn\u00e9es \u00e0 caract\u00e8re personnel, notamment lorsque vous :<\/span><\/p>\n                    <p><span style=\"font-family: &quot;Della Respira&quot;;\">Naviguez sur le Site<br>Cr\u00e9ez un compte<br>R\u00e9alisez un paiement en ligne<br>Nous contactez<br>Remplissez le formulaire d\u2019inscription \u00e0 la Newsletter Bella\u00eb<br>Remplissez un des autres formulaires du site (commande ch\u00e8que cadeau, jeu concours, inscription \u00e0 un \u00e9v\u00e9nement\u2026)<\/span><\/p>\n                    <p><span style=\"font-family: &quot;Della Respira&quot;;\">Nous utilisons vos donn\u00e9es \u00e0 caract\u00e8re personnel pour permettre la mise en \u0153uvre et la gestion des Services du Site et r\u00e9pondre \u00e0 vos demandes sp\u00e9cifiques. Nous utilisons \u00e9galement vos donn\u00e9es \u00e0 caract\u00e8re personnel dans le but d\u2019exploiter et d\u2019am\u00e9liorer nos Services, notre Site et notre d\u00e9marche. Ces informations sont utilis\u00e9es uniquement par nos soins et nous permettent de mieux adapter nos Services \u00e0 vos attentes.<\/span><\/p>\n                    <p><span style=\"font-family: &quot;Della Respira&quot;;\">Si vous avez d\u00e9cid\u00e9 de recevoir des courriels et messages de notre part lors de la cr\u00e9ation de votre Compte, vous recevrez alors des messages \u00e9lectroniques et alphanum\u00e9riques portant sur nos produits et promotions. Nous utiliserons alors les donn\u00e9es \u00e0 caract\u00e8re personnel que vous avez fournies lors de votre enregistrement. Vous pouvez vous d\u00e9sabonner de ces envois \u00e0 tout moment.<\/span><\/p>\n                  <\/div>\n                <\/div>\n                <div data-colibri-id=\"972-c19\" class=\"h-divider style-751 style-local-972-c19 position-relative h-element\">\n                  <!----><span class=\"h-divider__line style-751-line style-local-972-c19-line style-751-line style-local-972-c19-line\"><\/span><\/div>\n                <div data-colibri-id=\"972-c20\" class=\"h-text h-text-component style-760 style-local-972-c20 position-relative h-element\">\n                  <!---->\n                  <!---->\n                  <div class=\"\">\n                    <h4><span style=\"font-family: &quot;Della Respira&quot;;\">1.1 Navigation sur le Site<\/span><\/h4>\n                    <p>Donn\u00e9es de connexion. \u00c0 chaque fois que vous vous connectez \u00e0 notre Site, nous recueillons des donn\u00e9es \u00e0 caract\u00e8re personnel telles que, notamment, votre adresse IP et l\u2019adresse MAC de votre ordinateur, la date et l\u2019heure de connexion,\n                      ainsi que des informations sur le navigateur que vous utilisez.<\/p>\n                    <p>Donn\u00e9es de navigation. Nous recueillons \u00e9galement les informations permettant d\u2019identifier de quelle fa\u00e7on vous acc\u00e9dez au Site, quelles sont les pages consult\u00e9es et pendant combien de temps. Dans ce cadre, nous pouvons avoir recours\n                      \u00e0 l\u2019utilisation de Cookies tel que pr\u00e9cis\u00e9 au paragraphe 6 ci-dessous.<\/p>\n                  <\/div>\n                <\/div>\n                <div data-colibri-id=\"972-c21\" class=\"h-divider style-751 style-local-972-c21 position-relative h-element\">\n                  <!----><span class=\"h-divider__line style-751-line style-local-972-c21-line style-751-line style-local-972-c21-line\"><\/span><\/div>\n                <div data-colibri-id=\"972-c22\" class=\"h-text h-text-component style-761 style-local-972-c22 position-relative h-element\">\n                  <!---->\n                  <!---->\n                  <div class=\"\">\n                    <h4><strong style=\"font-family: &quot;Della Respira&quot;;\">1.2 Cr\u00e9ation d\u2019un Compte<\/strong><\/h4>\n                    <p>L\u2019acc\u00e8s \u00e0 certains de nos Services n\u00e9cessitent la cr\u00e9ation pr\u00e9alable d\u2019un Compte. Conform\u00e9ment aux Conditions G\u00e9n\u00e9rales, il vous sera demand\u00e9 de renseigner un certain nombre de donn\u00e9es \u00e0 caract\u00e8re personnel lors de la cr\u00e9ation de votre\n                      Compte,&nbsp;<strong>notamment&nbsp;vos noms et pr\u00e9noms, votre adresse postale, votre adresse email et votre num\u00e9ro de t\u00e9l\u00e9phone.<\/strong><\/p>\n                  <\/div>\n                <\/div>\n                <div data-colibri-id=\"972-c23\" class=\"h-divider style-751 style-local-972-c23 position-relative h-element\">\n                  <!----><span class=\"h-divider__line style-751-line style-local-972-c23-line style-751-line style-local-972-c23-line\"><\/span><\/div>\n              <\/div>\n            <\/div>\n          <\/div>\n        <\/div>\n      <\/div>\n      <div data-colibri-id=\"972-c24\" class=\"h-row-container gutters-row-lg-2 gutters-row-md-2 gutters-row-0 gutters-row-v-lg-2 gutters-row-v-md-2 gutters-row-v-2 style-762 style-local-972-c24 position-relative\">\n        <!---->\n        <div class=\"h-row justify-content-lg-center justify-content-md-center justify-content-center align-items-lg-stretch align-items-md-stretch align-items-stretch gutters-col-lg-2 gutters-col-md-2 gutters-col-0 gutters-col-v-lg-2 gutters-col-v-md-2 gutters-col-v-2\">\n          <!---->\n          <div class=\"h-column h-column-container d-flex h-col-lg-auto h-col-md-auto h-col-auto style-763-outer style-local-972-c25-outer\">\n            <div data-colibri-id=\"972-c25\" class=\"d-flex h-flex-basis h-column__inner h-px-lg-2 h-px-md-2 h-px-2 v-inner-lg-2 v-inner-md-2 v-inner-2 style-763 style-local-972-c25 position-relative\">\n              <!---->\n              <!---->\n              <div class=\"w-100 h-y-container h-column__content h-column__v-align flex-basis-100 align-self-lg-start align-self-md-start align-self-start\">\n                <!---->\n                <div data-colibri-id=\"972-c26\" class=\"h-text h-text-component style-764 style-local-972-c26 position-relative h-element\">\n                  <!---->\n                  <!---->\n                  <div class=\"\">\n                    <h4><span style=\"font-family: &quot;Della Respira&quot;;\">1.3 Paiement<\/span><\/h4>\n                    <p>Certains des Services disponibles sont payants. A cette fin, vous acceptez que nous puissions avoir recours \u00e0 des prestataires de services externes qui peuvent collecter des donn\u00e9es \u00e0 caract\u00e8re personnel dans le but de permettre le\n                      bon fonctionnement des services de traitement des paiements par carte de cr\u00e9dit ou tout autre moyen de paiement et, le cas \u00e9ch\u00e9ant, de livraison de produits ou services.<\/p>\n                    <p>Pour r\u00e9gler votre achat, vous devez fournir vos coordonn\u00e9es de facturation ainsi que vos coordonn\u00e9es de paiement, et notamment le num\u00e9ro de votre carte bancaire, la date de validit\u00e9, le code de s\u00e9curit\u00e9 et le nom du titulaire de la\n                      carte en cas de paiement par carte bancaire<\/p>\n                    <p>Il peut \u00e9galement vous \u00eatre demand\u00e9 de fournir le nom de votre op\u00e9rateur t\u00e9l\u00e9com, le mod\u00e8le de votre t\u00e9l\u00e9phone portable et un num\u00e9ro de portable valide afin de pouvoir fournir les instructions d\u2019achat directement \u00e0 travers votre t\u00e9l\u00e9phone\n                      mobile.<\/p>\n                    <p>Nous conservons les d\u00e9tails de vos paiements, ainsi que les d\u00e9tails des achats que vous effectuez. Le d\u00e9tail des transactions est conserv\u00e9 soit dans nos syst\u00e8mes soit chez le prestataire externe. Cette conservation est effectu\u00e9e \u00e0\n                      des fins internes, notamment pour la comptabilit\u00e9, la conformit\u00e9 et \u00e0 des fins juridiques, conform\u00e9ment au paragraphe 5 de la pr\u00e9sente Charte.<\/p>\n                  <\/div>\n                <\/div>\n                <div data-colibri-id=\"972-c27\" class=\"h-divider style-751 style-local-972-c27 position-relative h-element\">\n                  <!----><span class=\"h-divider__line style-751-line style-local-972-c27-line style-751-line style-local-972-c27-line\"><\/span><\/div>\n                <div data-colibri-id=\"972-c28\" class=\"h-text h-text-component style-765 style-local-972-c28 position-relative h-element\">\n                  <!---->\n                  <!---->\n                  <div class=\"\">\n                    <h4><strong style=\"font-family: &quot;Della Respira&quot;;\">1.4&nbsp;Adh\u00e9sion \u00e0 notre Newsletter<\/strong><\/h4>\n                    <p>Lors de la cr\u00e9ation de votre Compte, vous pouvez donner votre consentement pr\u00e9alable \u00e0 la r\u00e9ception de nos lettres d\u2019information concernant des actualit\u00e9s, des nouveaux produits, services et promotions, dans le cadre des Services.\n                      <br>Vous pouvez \u00e9galement consentir directement \u00e0 la r\u00e9ception de nos lettres d\u2019information en renseignant votre adresse email aux endroits pr\u00e9vus \u00e0 cet effet sur le Site.\n                      <br>En tout \u00e9tat de cause, vous disposez du droit de retirer votre consentement \u00e0 la r\u00e9ception de telles lettres d\u2019information \u00e0 tout moment et sans frais dans les conditions pr\u00e9vues au paragraphe 6 de la Charte.<\/p>\n                  <\/div>\n                <\/div>\n                <div data-colibri-id=\"972-c29\" class=\"h-divider style-751 style-local-972-c29 position-relative h-element\">\n                  <!----><span class=\"h-divider__line style-751-line style-local-972-c29-line style-751-line style-local-972-c29-line\"><\/span><\/div>\n                <div data-colibri-id=\"972-c30\" class=\"h-text h-text-component style-766 style-local-972-c30 position-relative h-element\">\n                  <!---->\n                  <!---->\n                  <div class=\"\">\n                    <h4><strong style=\"font-family: &quot;Della Respira&quot;;\">1.5&nbsp;Contacts<\/strong><\/h4>\n                    <p>Afin de donner suite aux demandes que vous pourriez effectuer aupr\u00e8s de notre Service Client et de confirmer les informations vous concernant, nous pourrons utiliser vos nom, pr\u00e9nom, adresse de courrier \u00e9lectronique et num\u00e9ro de t\u00e9l\u00e9phone.<\/p>\n                  <\/div>\n                <\/div>\n                <div data-colibri-id=\"972-c31\" class=\"h-divider style-751 style-local-972-c31 position-relative h-element\">\n                  <!----><span class=\"h-divider__line style-751-line style-local-972-c31-line style-751-line style-local-972-c31-line\"><\/span><\/div>\n                <div data-colibri-id=\"972-c32\" class=\"h-text h-text-component style-767 style-local-972-c32 position-relative h-element\">\n                  <!---->\n                  <!---->\n                  <div class=\"\">\n                    <h4><strong style=\"font-family: &quot;Della Respira&quot;;\">2.&nbsp;&nbsp;&nbsp;&nbsp;&nbsp;Comment prot\u00e9geons-nous vos donn\u00e9es \u00e0 caract\u00e8re personnel ?<\/strong><\/h4>\n                    <p>Nous avons mis en place des mesures de s\u00e9curit\u00e9 techniques et organisationnelles en vue de garantir la s\u00e9curit\u00e9, l\u2019int\u00e9grit\u00e9 et la confidentialit\u00e9 de toutes vos donn\u00e9es \u00e0 caract\u00e8re personnel, afin d\u2019emp\u00eacher que celles-ci soient d\u00e9form\u00e9es,\n                      endommag\u00e9es ou que des tiers non autoris\u00e9s y aient acc\u00e8s. Nous assurons un niveau de s\u00e9curit\u00e9 appropri\u00e9, compte tenu de l\u2019\u00e9tat des connaissances, des co\u00fbts de mise en \u0153uvre et de la nature, de la port\u00e9e, du contexte et des finalit\u00e9s\n                      du traitement ainsi que des risques et de leur probabilit\u00e9.\n                      <br>Toutefois, il est pr\u00e9cis\u00e9 qu\u2019aucune mesure de s\u00e9curit\u00e9 n\u2019\u00e9tant infaillible, nous ne sommes pas en mesure de garantir une s\u00e9curit\u00e9 absolue \u00e0 vos donn\u00e9es \u00e0 caract\u00e8re personnel.\n                      <br>Par ailleurs, il vous incombe d\u2019assurer la confidentialit\u00e9 du mot de passe vous permettant d\u2019acc\u00e9der \u00e0 votre Compte. Ne communiquez cette information \u00e0 personne. Si vous partagez votre ordinateur, n\u2019oubliez pas de vous d\u00e9connecter\n                      avant de quitter un Service.<\/p>\n                  <\/div>\n                <\/div>\n                <div data-colibri-id=\"972-c33\" class=\"h-divider style-751 style-local-972-c33 position-relative h-element\">\n                  <!----><span class=\"h-divider__line style-751-line style-local-972-c33-line style-751-line style-local-972-c33-line\"><\/span><\/div>\n                <div data-colibri-id=\"972-c34\" class=\"h-text h-text-component style-768 style-local-972-c34 position-relative h-element\">\n                  <!---->\n                  <!---->\n                  <div class=\"\">\n                    <h4><strong style=\"font-family: &quot;Della Respira&quot;;\">3.&nbsp;&nbsp;&nbsp;&nbsp;&nbsp;Dans quels cas partageons-nous vos donn\u00e9es \u00e0 caract\u00e8re personnel&nbsp;?<\/strong><\/h4>\n                    <h4><strong style=\"font-family: &quot;Della Respira&quot;;\">3.1 Partage de vos donn\u00e9es personnelles avec des soci\u00e9t\u00e9s tierces<\/strong><\/h4>\n                    <p>Lors de votre navigation sur le Site, vos donn\u00e9es \u00e0 caract\u00e8re personnel peuvent \u00eatre transmises \u00e0 des prestataires ext\u00e9rieurs. Ces tiers assurent un service pour notre compte et en notre nom dans le but de permettre le bon fonctionnement\n                      des paiements par carte de cr\u00e9dit et autres Services.Aucun transfert de donn\u00e9es \u00e0 caract\u00e8re personnel n\u2019est r\u00e9alis\u00e9 hors de l\u2019Union Europ\u00e9enne.\n                      <br>Conform\u00e9ment au RGPD, tous les transferts de donn\u00e9es \u00e0 caract\u00e8re personnel vers un pays situ\u00e9 hors de l\u2019Union Europ\u00e9enne et\/ou n\u2019offrant pas un niveau de protection consid\u00e9r\u00e9 comme suffisant par la Commission europ\u00e9enne ont fait\n                      l\u2019objet de conventions de flux transfronti\u00e8re conformes aux clauses contractuelles types \u00e9dict\u00e9es par la Commission europ\u00e9enne.\n                      <br>D\u2019autres transferts de donn\u00e9es \u00e0 caract\u00e8re personnel vers les Etats-Unis sont r\u00e9gis par le E.U. \u2013 U.S. PRIVACY SHIELD (Bouclier de protection des Donn\u00e9es Union Europ\u00e9enne-Etats-Unis) :&nbsp;\n                      <a href=\"https:\/\/www.cnil.fr\/fr\/le-privacy-shield\"\n                        class=\"customize-unpreviewable\" style=\"color: rgb(69, 30, 97);\">cliquez ici pour plus d\u2019informations.<\/a>\n                      <br>Sauf dans le cas o\u00f9 un tiers vous demande d\u2019accepter une charte de confidentialit\u00e9 et des conditions d\u2019utilisations qui lui sont propres, les soci\u00e9t\u00e9s tierces ayant re\u00e7u communication de vos donn\u00e9es \u00e0 caract\u00e8re personnel se sont\n                      engag\u00e9es \u00e0 traiter vos donn\u00e9es \u00e0 caract\u00e8re personnel uniquement pour la mise en \u0153uvre de nos Services.&nbsp;Nous ne partagerons jamais, sans avoir obtenu votre consentement pr\u00e9alable, vos donn\u00e9es \u00e0 caract\u00e8re personnel avec des soci\u00e9t\u00e9s\n                      tierces \u00e0 des fins marketings et\/ou commerciales.<\/p>\n                  <\/div>\n                <\/div>\n                <div data-colibri-id=\"972-c35\" class=\"h-divider style-751 style-local-972-c35 position-relative h-element\">\n                  <!----><span class=\"h-divider__line style-751-line style-local-972-c35-line style-751-line style-local-972-c35-line\"><\/span><\/div>\n                <div data-colibri-id=\"972-c36\" class=\"h-text h-text-component style-769 style-local-972-c36 position-relative h-element\">\n                  <!---->\n                  <!---->\n                  <div class=\"\">\n                    <h4><strong style=\"font-family: &quot;Della Respira&quot;;\">3.2 Partage avec les autorit\u00e9s<\/strong><\/h4>\n                    <p>Nous pouvons \u00eatre amen\u00e9 \u00e0 divulguer vos donn\u00e9es \u00e0 caract\u00e8re personnel aux autorit\u00e9s administrative ou judiciaire lorsque leur divulgation est n\u00e9cessaire \u00e0 l\u2019identification, l\u2019interpellation ou la poursuite en justice de tout individu\n                      susceptible de porter pr\u00e9judice \u00e0 nos droits, de tout autre utilisateur ou d\u2019un tiers. Nous pouvons enfin \u00eatre l\u00e9galement tenu de divulguer vos donn\u00e9es \u00e0 caract\u00e8re personnel et ne pouvons dans ce cas nous y opposer.<\/p>\n                  <\/div>\n                <\/div>\n                <div data-colibri-id=\"972-c37\" class=\"h-divider style-751 style-local-972-c37 position-relative h-element\">\n                  <!----><span class=\"h-divider__line style-751-line style-local-972-c37-line style-751-line style-local-972-c37-line\"><\/span><\/div>\n                <div data-colibri-id=\"972-c38\" class=\"h-text h-text-component style-770 style-local-972-c38 position-relative h-element\">\n                  <!---->\n                  <!---->\n                  <div class=\"\">\n                    <h4><strong style=\"font-family: &quot;Della Respira&quot;;\">4.&nbsp;&nbsp;&nbsp;&nbsp;&nbsp;Combien de temps conservons-nous vos donn\u00e9es \u00e0 caract\u00e8re personnel ?<\/strong><\/h4>\n                    <p>Nous ne conserverons vos donn\u00e9es \u00e0 caract\u00e8re personnel que le temps de votre inscription sur le Site afin d\u2019assurer votre identification lors de votre connexion \u00e0 votre Compte et de permettre la fourniture des Services.\n                      <br>Ainsi, si vous proc\u00e9dez \u00e0 votre d\u00e9sinscription du Site, vos donn\u00e9es \u00e0 caract\u00e8re personnel seront effac\u00e9es et uniquement conserv\u00e9es sous forme d\u2019archive aux fins d\u2019\u00e9tablissement de la preuve d\u2019un droit ou d\u2019un contrat.\n                      <br>En tout \u00e9tat de cause, nous conserverons vos donn\u00e9es \u00e0 caract\u00e8re personnel pendant une dur\u00e9e n\u2019exc\u00e9dant pas celle n\u00e9cessaire au regard des finalit\u00e9s pour lesquelles elles sont trait\u00e9es conform\u00e9ment aux utilisations expos\u00e9es dans\n                      la pr\u00e9sente Charte et dans le respect des lois et r\u00e8glements.<\/p>\n                  <\/div>\n                <\/div>\n                <div data-colibri-id=\"972-c39\" class=\"h-divider style-751 style-local-972-c39 position-relative h-element\">\n                  <!----><span class=\"h-divider__line style-751-line style-local-972-c39-line style-751-line style-local-972-c39-line\"><\/span><\/div>\n                <div data-colibri-id=\"972-c40\" class=\"h-text h-text-component style-771 style-local-972-c40 position-relative h-element\">\n                  <!---->\n                  <!---->\n                  <div class=\"\">\n                    <h4><strong style=\"font-family: &quot;Della Respira&quot;;\">5.&nbsp;&nbsp;&nbsp;&nbsp;&nbsp;Cookies&nbsp;: comment les utilisons-nous ?<\/strong><\/h4>\n                    <h4><strong style=\"font-family: &quot;Della Respira&quot;;\">5.1&nbsp;&nbsp;&nbsp;&nbsp;&nbsp;&nbsp;Qu\u2019est-ce qu\u2019un cookie ?<\/strong><\/h4>\n                    <p>Un cookie est un fichier texte susceptible d\u2019\u00eatre d\u00e9pos\u00e9 dans un terminal lors de la consultation d\u2019un service en ligne avec un logiciel de navigation. Un fichier cookie permet notamment \u00e0 son \u00e9metteur, pendant sa dur\u00e9e de validit\u00e9,\n                      de reconna\u00eetre le terminal concern\u00e9 \u00e0 chaque fois que ce terminal acc\u00e8de \u00e0 un contenu num\u00e9rique comportant des cookies du m\u00eame \u00e9metteur.\n                      <br>En tout \u00e9tat de cause, les cookies d\u00e9pos\u00e9s sur votre terminal de navigation avec votre accord sont d\u00e9truits 13 mois apr\u00e8s leur d\u00e9p\u00f4t sur votre terminal.<\/p>\n                  <\/div>\n                <\/div>\n                <div data-colibri-id=\"972-c41\" class=\"h-divider style-751 style-local-972-c41 position-relative h-element\">\n                  <!----><span class=\"h-divider__line style-751-line style-local-972-c41-line style-751-line style-local-972-c41-line\"><\/span><\/div>\n              <\/div>\n            <\/div>\n          <\/div>\n        <\/div>\n      <\/div>\n      <div data-colibri-id=\"972-c42\" class=\"h-row-container gutters-row-lg-2 gutters-row-md-2 gutters-row-0 gutters-row-v-lg-2 gutters-row-v-md-2 gutters-row-v-2 style-772 style-local-972-c42 position-relative\">\n        <!---->\n        <div class=\"h-row justify-content-lg-center justify-content-md-center justify-content-center align-items-lg-stretch align-items-md-stretch align-items-stretch gutters-col-lg-2 gutters-col-md-2 gutters-col-0 gutters-col-v-lg-2 gutters-col-v-md-2 gutters-col-v-2\">\n          <!---->\n          <div class=\"h-column h-column-container d-flex h-col-lg-auto h-col-md-auto h-col-auto style-773-outer style-local-972-c43-outer\">\n            <div data-colibri-id=\"972-c43\" class=\"d-flex h-flex-basis h-column__inner h-px-lg-2 h-px-md-2 h-px-2 v-inner-lg-2 v-inner-md-2 v-inner-2 style-773 style-local-972-c43 position-relative\">\n              <!---->\n              <!---->\n              <div class=\"w-100 h-y-container h-column__content h-column__v-align flex-basis-100 align-self-lg-start align-self-md-start align-self-start\">\n                <!---->\n                <div data-colibri-id=\"972-c44\" class=\"h-text h-text-component style-774 style-local-972-c44 position-relative h-element\">\n                  <!---->\n                  <!---->\n                  <div class=\"\">\n                    <h4><strong style=\"font-family: &quot;Della Respira&quot;;\">5.2&nbsp;&nbsp;&nbsp;&nbsp;&nbsp;&nbsp;A quoi servent les cookies \u00e9mis sur notre Site ?&nbsp;<\/strong><\/h4>\n                    <p>Les cookies que nous \u00e9mettons nous permettent :<\/p>\n                    <p>D\u2019\u00e9tablir des statistiques et volumes de fr\u00e9quentation et d\u2019utilisation des divers \u00e9l\u00e9ments composant notre Site (rubriques et contenus visit\u00e9s, parcours), nous permettant d\u2019am\u00e9liorer l\u2019int\u00e9r\u00eat et l\u2019ergonomie du Site et, le cas \u00e9ch\u00e9ant,\n                      de nos produits et services&nbsp;;\n                      <br>D\u2019adapter la pr\u00e9sentation de notre Site aux pr\u00e9f\u00e9rences d\u2019affichage de votre terminal (langue utilis\u00e9e, r\u00e9solution d\u2019affichage, syst\u00e8me d\u2019exploitation utilis\u00e9, etc.) lors de vos visites sur notre Site, selon les mat\u00e9riels et les\n                      logiciels de visualisation ou de lecture que votre terminal comporte&nbsp;;\n                      <br>De m\u00e9moriser des informations relatives \u00e0 un formulaire que vous avez rempli sur notre Site (inscription ou acc\u00e8s \u00e0 votre compte) ou \u00e0 des produits, services ou informations que vous avez choisis sur notre Site (service souscrit,\n                      contenu d\u2019un panier de commande, etc.)&nbsp;;\n                      <br>De vous permettre d\u2019acc\u00e9der \u00e0 des espaces r\u00e9serv\u00e9s et personnels de notre Site, tels que votre Compte, gr\u00e2ce \u00e0 des identifiants ou des donn\u00e9es que vous nous avez \u00e9ventuellement ant\u00e9rieurement confi\u00e9es et de mettre en \u0153uvre des mesures\n                      de s\u00e9curit\u00e9, par exemple lorsqu\u2019il vous est demand\u00e9 de vous connecter \u00e0 nouveau \u00e0 un contenu ou \u00e0 un service apr\u00e8s une certain laps de temps.<\/p>\n                    <p>Lors de votre navigation sur le Site, des cookies des r\u00e9seaux sociaux peuvent \u00eatre g\u00e9n\u00e9r\u00e9s notamment par l\u2019interm\u00e9diaire des boutons de partage qui collectent des donn\u00e9es \u00e0 caract\u00e8re personnel.Lors de votre premi\u00e8re visite sur le Site,\n                      un bandeau cookies appara\u00eetra en page d\u2019accueil. Un lien cliquable permet d\u2019en savoir plus sur la finalit\u00e9 et le fonctionnement des cookies et renvoie vers la pr\u00e9sente Charte. La poursuite de la navigation sur une autre page du site\n                      ou la s\u00e9lection d\u2019un \u00e9l\u00e9ment du Site (notamment : image, texte, lien, etc.) mat\u00e9rialise votre acceptation au d\u00e9p\u00f4t des cookies vis\u00e9s sur votre ordinateur.<\/p>\n                  <\/div>\n                <\/div>\n                <div data-colibri-id=\"972-c45\" class=\"h-divider style-751 style-local-972-c45 position-relative h-element\">\n                  <!----><span class=\"h-divider__line style-751-line style-local-972-c45-line style-751-line style-local-972-c45-line\"><\/span><\/div>\n                <div data-colibri-id=\"972-c46\" class=\"h-text h-text-component style-775 style-local-972-c46 position-relative h-element\">\n                  <!---->\n                  <!---->\n                  <div class=\"\">\n                    <h4><strong style=\"font-family: &quot;Della Respira&quot;;\">5.3&nbsp;&nbsp;&nbsp;&nbsp;&nbsp;&nbsp;Comment pouvez-vous contr\u00f4ler les cookies utilis\u00e9s ?<\/strong><\/h4>\n                    <p>Vous pouvez \u00e0 tout moment configurer votre logiciel de navigation de mani\u00e8re \u00e0 ce que des cookies soient enregistr\u00e9s dans votre terminal ou, au contraire, qu\u2019ils soient rejet\u00e9s (soit syst\u00e9matiquement, soit selon leur \u00e9metteur). Vous\n                      pouvez \u00e9galement configurer votre logiciel de navigation de mani\u00e8re \u00e0 ce que l\u2019acceptation ou le refus des cookies vous soit propos\u00e9 ponctuellement, avant qu\u2019un cookie puisse \u00eatre enregistr\u00e9 dans votre terminal.&nbsp;<strong>Attention&nbsp;:<\/strong>&nbsp;tout\n                      param\u00e9trage est susceptible de modifier votre navigation sur Internet et vos conditions d\u2019acc\u00e8s \u00e0 certains services n\u00e9cessitant l\u2019utilisation de cookies. Nous d\u00e9clinons toute responsabilit\u00e9 s\u2019agissant des cons\u00e9quences li\u00e9es au fonctionnement\n                      d\u00e9grad\u00e9 de nos services r\u00e9sultant de l\u2019impossibilit\u00e9 d\u2019enregistrer ou de consulter les cookies n\u00e9cessaires \u00e0 leur fonctionnement et que vous auriez refus\u00e9s ou supprim\u00e9s. Tel serait le cas si vous tentiez d\u2019acc\u00e9der \u00e0 nos contenus\n                      ou services qui n\u00e9cessitent de vous identifier. Tel serait \u00e9galement le cas lorsque nous (ou nos prestataires) ne pourrions pas reconna\u00eetre, \u00e0 des fins de compatibilit\u00e9 technique, le type de navigateur utilis\u00e9 par votre terminal,\n                      ses param\u00e8tres de langue et d\u2019affichage ou le pays depuis lequel votre terminal semble connect\u00e9 \u00e0 Internet.&nbsp;<\/p>\n                  <\/div>\n                <\/div>\n                <div data-colibri-id=\"972-c47\" class=\"h-divider style-751 style-local-972-c47 position-relative h-element\">\n                  <!----><span class=\"h-divider__line style-751-line style-local-972-c47-line style-751-line style-local-972-c47-line\"><\/span><\/div>\n                <div data-colibri-id=\"972-c48\" class=\"h-text h-text-component style-776 style-local-972-c48 position-relative h-element\">\n                  <!---->\n                  <!---->\n                  <div class=\"\">\n                    <h4><strong style=\"font-family: &quot;Della Respira&quot;;\">5.4&nbsp;&nbsp;&nbsp;&nbsp;&nbsp;&nbsp;Comment configurer votre logiciel de navigation ?&nbsp;<\/strong><\/h4>\n                    <p>Pour la gestion des cookies et de vos choix, la configuration de chaque navigateur est diff\u00e9rente. Elle est d\u00e9crite dans le menu d\u2019aide de votre navigateur, qui vous permettra de savoir de quelle mani\u00e8re modifier vos souhaits en mati\u00e8re\n                      de cookies. Vous trouverez ci-dessous des informations concernant les principaux navigateurs.<\/p>\n                    <p><strong>Internet Explorer \/ Edge<\/strong><\/p>\n                    <p>Dans Internet Explorer, cliquez sur le bouton Outils, puis sur Options Internet.Sous l\u2019onglet G\u00e9n\u00e9ral, sous Historique de navigation, cliquez sur Param\u00e8tres.Cliquez sur le bouton Afficher les fichiers.<\/p>\n                    <p><strong>Firefox<\/strong><\/p>\n                    <p>Allez dans l\u2019onglet Outils du navigateur puis s\u00e9lectionnez le menu OptionsDans la fen\u00eatre qui s\u2019affiche, choisissez Vie priv\u00e9e et cliquez sur Affichez les cookies<\/p>\n                    <p><strong>Safari<\/strong><\/p>\n                    <p>Acc\u00e9dez aux Param\u00e8tres via le menu du navigateur (Safari &gt; Pr\u00e9f\u00e9rences)Cliquez sur Confidentialit\u00e9.<\/p>\n                    <p><strong>Google Chrome&nbsp;&nbsp;&nbsp;&nbsp;&nbsp;&nbsp;&nbsp;&nbsp;&nbsp;&nbsp;&nbsp;&nbsp;&nbsp;&nbsp;&nbsp;&nbsp;<\/strong><\/p>\n                    <p>Acc\u00e9dez aux Param\u00e8tres via le bouton \u00e0 droite de la barre d\u2019URL ou via le menu du navigateur (Chrome &gt; Pr\u00e9f\u00e9rences).S\u00e9lectionnez Param\u00e8tres Avanc\u00e9esCliquez sur Param\u00e8tres du contenu puis sur Cookies.<\/p>\n                    <p>Pour obtenir plus d\u2019information sur les cookies, vous pouvez&nbsp;\n                      <a href=\"https:\/\/www.cnil.fr\/fr\/site-web-cookies-et-autres-traceurs\" class=\"customize-unpreviewable\" style=\"color: rgb(69, 30, 97);\"><strong>consulter le site internet de la CNIL<\/strong>.<\/a>\n                    <\/p>\n                  <\/div>\n                <\/div>\n                <div data-colibri-id=\"972-c49\" class=\"h-divider style-751 style-local-972-c49 position-relative h-element\">\n                  <!----><span class=\"h-divider__line style-751-line style-local-972-c49-line style-751-line style-local-972-c49-line\"><\/span><\/div>\n                <div data-colibri-id=\"972-c50\" class=\"h-text h-text-component style-777 style-local-972-c50 position-relative h-element\">\n                  <!---->\n                  <!---->\n                  <div class=\"\">\n                    <h4><strong style=\"font-family: &quot;Della Respira&quot;;\">6.&nbsp;&nbsp;&nbsp;&nbsp;&nbsp;Quels sont vos droits ?<\/strong><\/h4>\n                    <p>Vous \u00eates seuls \u00e0 nous avoir communiqu\u00e9 les donn\u00e9es en notre possession, par l\u2019interm\u00e9diaire du Site. Vous disposez de droits sur vos donn\u00e9es \u00e0 caract\u00e8re personnel. Conform\u00e9ment \u00e0 la r\u00e9glementation en mati\u00e8re de protection des donn\u00e9es\n                      \u00e0 caract\u00e8re personnel, notamment les articles 15 \u00e0 22 du RGPD, et apr\u00e8s avoir justifi\u00e9 de votre identit\u00e9, vous avez le droit de nous demander l\u2019acc\u00e8s aux donn\u00e9es \u00e0 caract\u00e8re personnel vous concernant, la rectification ou l\u2019effacement\n                      de celles-ci.En outre, dans les limites pos\u00e9es par la loi, vous disposez \u00e9galement du droit de vous opposer au traitement, de le limiter, de d\u00e9cider du sort post-mortem de vos donn\u00e9es, de retirer votre consentement \u00e0 tout moment\n                      et du droit \u00e0 la portabilit\u00e9 des donn\u00e9es \u00e0 caract\u00e8re personnel fournies.Vous pouvez contactez nos Services afin d\u2019exercer vos droits \u00e0 l\u2019adresse \u00e9lectronique suivante&nbsp;<strong>:&nbsp;<\/strong>\n                      <a href=\"mailto:didier@bellae.fr\"\n                        style=\"color: rgb(69, 30, 97);\"><strong><em>didier@bellae.fr<\/em><\/strong><\/a>&nbsp;ou \u00e0 l\u2019adresse postale suivante :&nbsp;<strong><em>11 rue Doroth\u00e9a Lange \u2013 95240 Cormeilles en Parisis<\/em><\/strong><em>,&nbsp;<\/em>en joignant \u00e0 votre demande une copie d\u2019un titre\n                      d\u2019identit\u00e9.Par ailleurs, vous pouvez \u00e0 tout moment vous d\u00e9sabonner de notre newsletter en cliquant sur le lien qui permet le d\u00e9sabonnement en bas de chaque email. Vous pouvez \u00e9galement vous d\u00e9sabonner en envoyant un message \u00e0 l\u2019adresse\n                      suivante :&nbsp;\n                      <a href=\"mailto:didier@bellae.fr\" style=\"color: rgb(69, 30, 97);\"><strong><em>didier@bellae.fr<\/em><\/strong><\/a>\n                    <\/p>\n                  <\/div>\n                <\/div>\n                <div data-colibri-id=\"972-c51\" class=\"h-divider style-751 style-local-972-c51 position-relative h-element\">\n                  <!----><span class=\"h-divider__line style-751-line style-local-972-c51-line style-751-line style-local-972-c51-line\"><\/span><\/div>\n                <div data-colibri-id=\"972-c52\" class=\"h-text h-text-component style-778 style-local-972-c52 position-relative h-element\">\n                  <!---->\n                  <!---->\n                  <div class=\"\">\n                    <h4><strong style=\"font-family: &quot;Della Respira&quot;;\">7.&nbsp;&nbsp;&nbsp;&nbsp;&nbsp;Pouvons-nous modifier la Charte ?<\/strong><\/h4>\n                    <p>Nous nous r\u00e9servons le droit de modifier la Charte \u00e0 tout moment. Il est vous est donc recommand\u00e9 de la consulter r\u00e9guli\u00e8rement. En cas de modification, nous publierons ces changements sur cette page et aux endroits que nous jugerons\n                      appropri\u00e9s en fonction de l\u2019objet et de l\u2019importance des changements apport\u00e9s.Votre utilisation du Site apr\u00e8s toute modification signifie que vous acceptez ces modifications. Si vous n\u2019acceptez pas certaines modifications substantielles\n                      apport\u00e9es \u00e0 la pr\u00e9sente Charte, vous devez arr\u00eater d\u2019utiliser le Site.<\/p>\n                  <\/div>\n                <\/div>\n                <div data-colibri-id=\"972-c53\" class=\"h-divider style-751 style-local-972-c53 position-relative h-element\">\n                  <!----><span class=\"h-divider__line style-751-line style-local-972-c53-line style-751-line style-local-972-c53-line\"><\/span><\/div>\n                <div data-colibri-id=\"972-c54\" class=\"h-text h-text-component style-779 style-local-972-c54 position-relative h-element\">\n                  <!---->\n                  <!---->\n                  <div class=\"\">\n                    <p><strong>8.&nbsp;&nbsp;&nbsp;&nbsp;&nbsp;D\u00e9l\u00e9gu\u00e9 \u00e0 la Protection des Donn\u00e9es et contact<\/strong><\/p>\n                    <p>Nous avons d\u00e9sign\u00e9 un D\u00e9l\u00e9gu\u00e9 \u00e0 la Protection des Donn\u00e9es (DPO) dont voici les coordonn\u00e9es :<strong><em>Didier Lopes11 Rue Doroth\u00e9a Lange95240 Cormeilles en Parisis<\/em><\/strong>Pour toute question concernant vos donn\u00e9es \u00e0 caract\u00e8re\n                      personnel ou si vous souhaitez supprimer votre Compte, merci de nous contacter \u00e0 l\u2019adresse postale suivante :&nbsp;<strong><em>Institut Bella\u00eb \u2013 11 rue Doroth\u00e9a Lange \u2013 95240 Cormeilles en Parisis<\/em><\/strong>&nbsp;(en indiquant\n                      \u201cVie Priv\u00e9e \u2013 Protection des Donn\u00e9es\u201d), ou par email \u00e0&nbsp;\n                      <a href=\"mailto:didier@bellae.fr\" style=\"color: rgb(69, 30, 97);\">didier@bellae.fr<\/a>\n                    <\/p>\n                  <\/div>\n                <\/div>\n                <div data-colibri-id=\"972-c55\" class=\"h-divider style-751 style-local-972-c55 position-relative h-element\">\n                  <!----><span class=\"h-divider__line style-751-line style-local-972-c55-line style-751-line style-local-972-c55-line\"><\/span><\/div>\n                <div data-colibri-id=\"972-c56\" class=\"h-text h-text-component style-780 style-local-972-c56 position-relative h-element\">\n                  <!---->\n                  <!---->\n                  <div class=\"\">\n                    <h4><strong style=\"font-family: &quot;Della Respira&quot;;\">9. La Commission Nationale de l\u2019Informatique et des Libert\u00e9s (\u201cCNIL\u201d)<\/strong><\/h4>\n                    <p>Nous vous rappelons que vous pouvez contacter la CNIL directement sur le&nbsp;\n                      <a href=\"https:\/\/www.cnil.fr\/fr\/agir%20\" style=\"color: rgb(69, 30, 97);\" class=\"customize-unpreviewable\">site internet de la CNIL<\/a>&nbsp;ou par courrier \u00e0 l\u2019adresse suivante : Commission Nationale de l\u2019Informatique et des Libert\u00e9s (CNIL), 3 Place de Fontenoy \u2013 TSA 80715, 75334 PARIS CEDEX 07.<\/p>\n                    <p>\n                      <br>\n                    <\/p>\n                  <\/div>\n                <\/div>\n              <\/div>\n            <\/div>\n          <\/div>\n        <\/div>\n      <\/div>\n    <\/div>\n  <\/div>\n<\/div>","protected":false},"excerpt":{"rendered":"<p>Date de derni\u00e8re mise \u00e0 jour 22 juillet 2021 La pr\u00e9sente charte sur le respect de la vie priv\u00e9e (la \u00ab Charte \u00bb) a pour objectif de formaliser notre engagement quant au respect de la vie priv\u00e9e des utilisateurs du site internet https:\/\/wwwbellae.fr (le \u00ab Site \u00bb) exploit\u00e9 par Bella\u00eb \/ SASU. La Charte et [&hellip;]<\/p>\n","protected":false},"author":1,"featured_media":954,"parent":953,"menu_order":0,"comment_status":"closed","ping_status":"closed","template":"page-templates\/full-width-page.php","meta":{"_joinchat":[],"footnotes":""},"class_list":["post-972","page","type-page","status-publish","has-post-thumbnail","hentry"],"yoast_head":"<!-- This site is optimized with the Yoast SEO plugin v27.4 - https:\/\/yoast.com\/product\/yoast-seo-wordpress\/ -->\n<title>Charte vie priv\u00e9e | Institut Bella\u00eb - Bien-\u00eatre &amp; beaut\u00e9<\/title>\n<meta name=\"robots\" content=\"index, follow, max-snippet:-1, max-image-preview:large, max-video-preview:-1\" \/>\n<link rel=\"canonical\" href=\"https:\/\/www.bellae-institut.com\/pt\/mentions-legales\/charte-vie-privee\/\" \/>\n<meta property=\"og:locale\" content=\"pt_PT\" \/>\n<meta property=\"og:type\" content=\"article\" \/>\n<meta property=\"og:title\" content=\"Charte vie priv\u00e9e | Institut Bella\u00eb - Bien-\u00eatre &amp; beaut\u00e9\" \/>\n<meta property=\"og:description\" content=\"Date de derni\u00e8re mise \u00e0 jour 22 juillet 2021 La pr\u00e9sente charte sur le respect de la vie priv\u00e9e (la \u00ab Charte \u00bb) a pour objectif de formaliser notre engagement quant au respect de la vie priv\u00e9e des utilisateurs du site internet https:\/\/wwwbellae.fr (le \u00ab Site \u00bb) exploit\u00e9 par Bella\u00eb \/ SASU. La Charte et [&hellip;]\" \/>\n<meta property=\"og:url\" content=\"https:\/\/www.bellae-institut.com\/pt\/mentions-legales\/charte-vie-privee\/\" \/>\n<meta property=\"og:site_name\" content=\"Bella\u00eb\" \/>\n<meta property=\"article:modified_time\" content=\"2021-07-22T15:04:15+00:00\" \/>\n<meta property=\"og:image\" content=\"https:\/\/www.bellae-institut.com\/wp-content\/uploads\/2021\/07\/giammarco-boscaro-zeH-ljawHtg-unsplash-scaled.jpg\" \/>\n\t<meta property=\"og:image:width\" content=\"2560\" \/>\n\t<meta property=\"og:image:height\" content=\"1707\" \/>\n\t<meta property=\"og:image:type\" content=\"image\/jpeg\" \/>\n<meta name=\"twitter:card\" content=\"summary_large_image\" \/>\n<meta name=\"twitter:label1\" content=\"Tempo estimado de leitura\" \/>\n\t<meta name=\"twitter:data1\" content=\"16 minutos\" \/>\n<script type=\"application\/ld+json\" class=\"yoast-schema-graph\">{\"@context\":\"https:\\\/\\\/schema.org\",\"@graph\":[{\"@type\":\"WebPage\",\"@id\":\"https:\\\/\\\/www.bellae-institut.com\\\/mentions-legales\\\/charte-vie-privee\\\/\",\"url\":\"https:\\\/\\\/www.bellae-institut.com\\\/mentions-legales\\\/charte-vie-privee\\\/\",\"name\":\"Charte vie priv\u00e9e | Institut Bella\u00eb - Bien-\u00eatre & beaut\u00e9\",\"isPartOf\":{\"@id\":\"https:\\\/\\\/www.bellae-institut.com\\\/#website\"},\"primaryImageOfPage\":{\"@id\":\"https:\\\/\\\/www.bellae-institut.com\\\/mentions-legales\\\/charte-vie-privee\\\/#primaryimage\"},\"image\":{\"@id\":\"https:\\\/\\\/www.bellae-institut.com\\\/mentions-legales\\\/charte-vie-privee\\\/#primaryimage\"},\"thumbnailUrl\":\"https:\\\/\\\/i0.wp.com\\\/www.bellae-institut.com\\\/wp-content\\\/uploads\\\/2021\\\/07\\\/giammarco-boscaro-zeH-ljawHtg-unsplash-scaled.jpg?fit=2560%2C1707&ssl=1\",\"datePublished\":\"2021-07-22T14:44:28+00:00\",\"dateModified\":\"2021-07-22T15:04:15+00:00\",\"breadcrumb\":{\"@id\":\"https:\\\/\\\/www.bellae-institut.com\\\/mentions-legales\\\/charte-vie-privee\\\/#breadcrumb\"},\"inLanguage\":\"pt-PT\",\"potentialAction\":[{\"@type\":\"ReadAction\",\"target\":[\"https:\\\/\\\/www.bellae-institut.com\\\/mentions-legales\\\/charte-vie-privee\\\/\"]}]},{\"@type\":\"ImageObject\",\"inLanguage\":\"pt-PT\",\"@id\":\"https:\\\/\\\/www.bellae-institut.com\\\/mentions-legales\\\/charte-vie-privee\\\/#primaryimage\",\"url\":\"https:\\\/\\\/i0.wp.com\\\/www.bellae-institut.com\\\/wp-content\\\/uploads\\\/2021\\\/07\\\/giammarco-boscaro-zeH-ljawHtg-unsplash-scaled.jpg?fit=2560%2C1707&ssl=1\",\"contentUrl\":\"https:\\\/\\\/i0.wp.com\\\/www.bellae-institut.com\\\/wp-content\\\/uploads\\\/2021\\\/07\\\/giammarco-boscaro-zeH-ljawHtg-unsplash-scaled.jpg?fit=2560%2C1707&ssl=1\",\"width\":2560,\"height\":1707,\"caption\":\"Mentions l\u00e9gales\"},{\"@type\":\"BreadcrumbList\",\"@id\":\"https:\\\/\\\/www.bellae-institut.com\\\/mentions-legales\\\/charte-vie-privee\\\/#breadcrumb\",\"itemListElement\":[{\"@type\":\"ListItem\",\"position\":1,\"name\":\"Accueil\",\"item\":\"https:\\\/\\\/www.bellae-institut.com\\\/\"},{\"@type\":\"ListItem\",\"position\":2,\"name\":\"Mentions l\u00e9gales\",\"item\":\"https:\\\/\\\/www.bellae-institut.com\\\/mentions-legales\\\/\"},{\"@type\":\"ListItem\",\"position\":3,\"name\":\"Charte sur le respect de la vie priv\u00e9e\"}]},{\"@type\":\"WebSite\",\"@id\":\"https:\\\/\\\/www.bellae-institut.com\\\/#website\",\"url\":\"https:\\\/\\\/www.bellae-institut.com\\\/\",\"name\":\"Bella\u00eb\",\"description\":\"Bien-\u00eatre &amp; Beaut\u00e9\",\"publisher\":{\"@id\":\"https:\\\/\\\/www.bellae-institut.com\\\/#organization\"},\"potentialAction\":[{\"@type\":\"SearchAction\",\"target\":{\"@type\":\"EntryPoint\",\"urlTemplate\":\"https:\\\/\\\/www.bellae-institut.com\\\/?s={search_term_string}\"},\"query-input\":{\"@type\":\"PropertyValueSpecification\",\"valueRequired\":true,\"valueName\":\"search_term_string\"}}],\"inLanguage\":\"pt-PT\"},{\"@type\":\"Organization\",\"@id\":\"https:\\\/\\\/www.bellae-institut.com\\\/#organization\",\"name\":\"Bella\u00eb\",\"url\":\"https:\\\/\\\/www.bellae-institut.com\\\/\",\"logo\":{\"@type\":\"ImageObject\",\"inLanguage\":\"pt-PT\",\"@id\":\"https:\\\/\\\/www.bellae-institut.com\\\/#\\\/schema\\\/logo\\\/image\\\/\",\"url\":\"https:\\\/\\\/i0.wp.com\\\/www.bellae-institut.com\\\/wp-content\\\/uploads\\\/2023\\\/07\\\/Academie-Bellae_logo-B-seul.png?fit=482%2C481&ssl=1\",\"contentUrl\":\"https:\\\/\\\/i0.wp.com\\\/www.bellae-institut.com\\\/wp-content\\\/uploads\\\/2023\\\/07\\\/Academie-Bellae_logo-B-seul.png?fit=482%2C481&ssl=1\",\"width\":482,\"height\":481,\"caption\":\"Bella\u00eb\"},\"image\":{\"@id\":\"https:\\\/\\\/www.bellae-institut.com\\\/#\\\/schema\\\/logo\\\/image\\\/\"}}]}<\/script>\n<!-- \/ Yoast SEO plugin. -->","yoast_head_json":{"title":"Charte vie priv\u00e9e | Institut Bella\u00eb - Bien-\u00eatre & beaut\u00e9","robots":{"index":"index","follow":"follow","max-snippet":"max-snippet:-1","max-image-preview":"max-image-preview:large","max-video-preview":"max-video-preview:-1"},"canonical":"https:\/\/www.bellae-institut.com\/pt\/mentions-legales\/charte-vie-privee\/","og_locale":"pt_PT","og_type":"article","og_title":"Charte vie priv\u00e9e | Institut Bella\u00eb - Bien-\u00eatre & beaut\u00e9","og_description":"Date de derni\u00e8re mise \u00e0 jour 22 juillet 2021 La pr\u00e9sente charte sur le respect de la vie priv\u00e9e (la \u00ab Charte \u00bb) a pour objectif de formaliser notre engagement quant au respect de la vie priv\u00e9e des utilisateurs du site internet https:\/\/wwwbellae.fr (le \u00ab Site \u00bb) exploit\u00e9 par Bella\u00eb \/ SASU. La Charte et [&hellip;]","og_url":"https:\/\/www.bellae-institut.com\/pt\/mentions-legales\/charte-vie-privee\/","og_site_name":"Bella\u00eb","article_modified_time":"2021-07-22T15:04:15+00:00","og_image":[{"width":2560,"height":1707,"url":"https:\/\/www.bellae-institut.com\/wp-content\/uploads\/2021\/07\/giammarco-boscaro-zeH-ljawHtg-unsplash-scaled.jpg","type":"image\/jpeg"}],"twitter_card":"summary_large_image","twitter_misc":{"Tempo estimado de leitura":"16 minutos"},"schema":{"@context":"https:\/\/schema.org","@graph":[{"@type":"WebPage","@id":"https:\/\/www.bellae-institut.com\/mentions-legales\/charte-vie-privee\/","url":"https:\/\/www.bellae-institut.com\/mentions-legales\/charte-vie-privee\/","name":"Charte vie priv\u00e9e | Institut Bella\u00eb - Bien-\u00eatre & beaut\u00e9","isPartOf":{"@id":"https:\/\/www.bellae-institut.com\/#website"},"primaryImageOfPage":{"@id":"https:\/\/www.bellae-institut.com\/mentions-legales\/charte-vie-privee\/#primaryimage"},"image":{"@id":"https:\/\/www.bellae-institut.com\/mentions-legales\/charte-vie-privee\/#primaryimage"},"thumbnailUrl":"https:\/\/i0.wp.com\/www.bellae-institut.com\/wp-content\/uploads\/2021\/07\/giammarco-boscaro-zeH-ljawHtg-unsplash-scaled.jpg?fit=2560%2C1707&ssl=1","datePublished":"2021-07-22T14:44:28+00:00","dateModified":"2021-07-22T15:04:15+00:00","breadcrumb":{"@id":"https:\/\/www.bellae-institut.com\/mentions-legales\/charte-vie-privee\/#breadcrumb"},"inLanguage":"pt-PT","potentialAction":[{"@type":"ReadAction","target":["https:\/\/www.bellae-institut.com\/mentions-legales\/charte-vie-privee\/"]}]},{"@type":"ImageObject","inLanguage":"pt-PT","@id":"https:\/\/www.bellae-institut.com\/mentions-legales\/charte-vie-privee\/#primaryimage","url":"https:\/\/i0.wp.com\/www.bellae-institut.com\/wp-content\/uploads\/2021\/07\/giammarco-boscaro-zeH-ljawHtg-unsplash-scaled.jpg?fit=2560%2C1707&ssl=1","contentUrl":"https:\/\/i0.wp.com\/www.bellae-institut.com\/wp-content\/uploads\/2021\/07\/giammarco-boscaro-zeH-ljawHtg-unsplash-scaled.jpg?fit=2560%2C1707&ssl=1","width":2560,"height":1707,"caption":"Mentions l\u00e9gales"},{"@type":"BreadcrumbList","@id":"https:\/\/www.bellae-institut.com\/mentions-legales\/charte-vie-privee\/#breadcrumb","itemListElement":[{"@type":"ListItem","position":1,"name":"Accueil","item":"https:\/\/www.bellae-institut.com\/"},{"@type":"ListItem","position":2,"name":"Mentions l\u00e9gales","item":"https:\/\/www.bellae-institut.com\/mentions-legales\/"},{"@type":"ListItem","position":3,"name":"Charte sur le respect de la vie priv\u00e9e"}]},{"@type":"WebSite","@id":"https:\/\/www.bellae-institut.com\/#website","url":"https:\/\/www.bellae-institut.com\/","name":"Bella\u00eb","description":"Bien-\u00eatre &amp; Beaut\u00e9","publisher":{"@id":"https:\/\/www.bellae-institut.com\/#organization"},"potentialAction":[{"@type":"SearchAction","target":{"@type":"EntryPoint","urlTemplate":"https:\/\/www.bellae-institut.com\/?s={search_term_string}"},"query-input":{"@type":"PropertyValueSpecification","valueRequired":true,"valueName":"search_term_string"}}],"inLanguage":"pt-PT"},{"@type":"Organization","@id":"https:\/\/www.bellae-institut.com\/#organization","name":"Bella\u00eb","url":"https:\/\/www.bellae-institut.com\/","logo":{"@type":"ImageObject","inLanguage":"pt-PT","@id":"https:\/\/www.bellae-institut.com\/#\/schema\/logo\/image\/","url":"https:\/\/i0.wp.com\/www.bellae-institut.com\/wp-content\/uploads\/2023\/07\/Academie-Bellae_logo-B-seul.png?fit=482%2C481&ssl=1","contentUrl":"https:\/\/i0.wp.com\/www.bellae-institut.com\/wp-content\/uploads\/2023\/07\/Academie-Bellae_logo-B-seul.png?fit=482%2C481&ssl=1","width":482,"height":481,"caption":"Bella\u00eb"},"image":{"@id":"https:\/\/www.bellae-institut.com\/#\/schema\/logo\/image\/"}}]}},"jetpack-related-posts":[],"jetpack_sharing_enabled":true,"_links":{"self":[{"href":"https:\/\/www.bellae-institut.com\/pt\/wp-json\/wp\/v2\/pages\/972","targetHints":{"allow":["GET"]}}],"collection":[{"href":"https:\/\/www.bellae-institut.com\/pt\/wp-json\/wp\/v2\/pages"}],"about":[{"href":"https:\/\/www.bellae-institut.com\/pt\/wp-json\/wp\/v2\/types\/page"}],"author":[{"embeddable":true,"href":"https:\/\/www.bellae-institut.com\/pt\/wp-json\/wp\/v2\/users\/1"}],"replies":[{"embeddable":true,"href":"https:\/\/www.bellae-institut.com\/pt\/wp-json\/wp\/v2\/comments?post=972"}],"version-history":[{"count":4,"href":"https:\/\/www.bellae-institut.com\/pt\/wp-json\/wp\/v2\/pages\/972\/revisions"}],"predecessor-version":[{"id":991,"href":"https:\/\/www.bellae-institut.com\/pt\/wp-json\/wp\/v2\/pages\/972\/revisions\/991"}],"up":[{"embeddable":true,"href":"https:\/\/www.bellae-institut.com\/pt\/wp-json\/wp\/v2\/pages\/953"}],"wp:featuredmedia":[{"embeddable":true,"href":"https:\/\/www.bellae-institut.com\/pt\/wp-json\/wp\/v2\/media\/954"}],"wp:attachment":[{"href":"https:\/\/www.bellae-institut.com\/pt\/wp-json\/wp\/v2\/media?parent=972"}],"curies":[{"name":"wp","href":"https:\/\/api.w.org\/{rel}","templated":true}]}}